{"id":781,"date":"2024-01-17T11:55:43","date_gmt":"2024-01-17T11:55:43","guid":{"rendered":"https:\/\/juelich.verkehrswacht.net\/?page_id=781"},"modified":"2024-01-29T09:28:23","modified_gmt":"2024-01-29T09:28:23","slug":"platzordnung","status":"publish","type":"page","link":"https:\/\/www.verkehrswacht-juelich.de\/?page_id=781","title":{"rendered":"Platzordnung"},"content":{"rendered":"<div  class='flex_column av-d8m0d-6b39bf3b2b19cdd9223f246dedef9158 av_one_full  avia-builder-el-0  el_before_av_one_full  avia-builder-el-first  first flex_column_div  '     ><p>\n<style type=\"text\/css\" data-created_by=\"avia_inline_auto\" id=\"style-css-av-lrhrvf6i-ebcb816ba098886b5c40d1e2189f6f72\">\n#top .av-special-heading.av-lrhrvf6i-ebcb816ba098886b5c40d1e2189f6f72{\npadding-bottom:10px;\n}\nbody .av-special-heading.av-lrhrvf6i-ebcb816ba098886b5c40d1e2189f6f72 .av-special-heading-tag .heading-char{\nfont-size:25px;\n}\n.av-special-heading.av-lrhrvf6i-ebcb816ba098886b5c40d1e2189f6f72 .av-subheading{\nfont-size:15px;\n}\n<\/style>\n<div  class='av-special-heading av-lrhrvf6i-ebcb816ba098886b5c40d1e2189f6f72 av-special-heading-h2 blockquote modern-quote  avia-builder-el-1  el_before_av_hr  avia-builder-el-first '><h2 class='av-special-heading-tag '  itemprop=\"headline\"  >Platz- und Betriebsordnung<\/h2><div class=\"special-heading-border\"><div class=\"special-heading-inner-border\"><\/div><\/div><\/div><br \/>\n\n<style type=\"text\/css\" data-created_by=\"avia_inline_auto\" id=\"style-css-av-lrhrwd17-1a175fec681b51345a9a3dbbdae52a54\">\n#top .hr.av-lrhrwd17-1a175fec681b51345a9a3dbbdae52a54{\nmargin-top:0px;\nmargin-bottom:30px;\n}\n.hr.av-lrhrwd17-1a175fec681b51345a9a3dbbdae52a54 .hr-inner{\nwidth:150px;\nborder-color:#02b827;\n}\n<\/style>\n<div  class='hr av-lrhrwd17-1a175fec681b51345a9a3dbbdae52a54 hr-custom  avia-builder-el-2  el_after_av_heading  avia-builder-el-last  hr-left hr-icon-no'><span class='hr-inner inner-border-av-border-fat'><span class=\"hr-inner-style\"><\/span><\/span><\/div><\/p><\/div><div  class='flex_column av-bkapp-4b5202928fc2e2d6bccce7ece28fbb55 av_one_full  avia-builder-el-3  el_after_av_one_full  avia-builder-el-last  first flex_column_div  column-top-margin'     ><style type=\"text\/css\" data-created_by=\"avia_inline_auto\" id=\"style-css-av-lrhrvrx6-648a7c626f8ba0dfc1643d3843bd4b8e\">\n#top .av_textblock_section.av-lrhrvrx6-648a7c626f8ba0dfc1643d3843bd4b8e .avia_textblock{\nfont-size:16px;\n}\n\n@media only screen and (min-width: 990px){ \n#top .av_textblock_section.av-lrhrvrx6-648a7c626f8ba0dfc1643d3843bd4b8e .avia_textblock{\nfont-size:20px;\n}\n}\n<\/style>\n<section  class='av_textblock_section av-lrhrvrx6-648a7c626f8ba0dfc1643d3843bd4b8e '   itemscope=\"itemscope\" itemtype=\"https:\/\/schema.org\/CreativeWork\" ><div class='avia_textblock'  itemprop=\"text\" ><ol>\n<li>Der Verkehrs\u00fcbungsplatz (V\u00dcP) J\u00fclich-Koslar stellt eine Anlage dar, auf der der Verkehrswacht J\u00fclich als Hausherr das Recht vorbehalten ist, den Besucherkreis zu beschr\u00e4nken oder das \u00dcben von bestimmten Voraussetzungen abh\u00e4ngig zu machen. Dazu geh\u00f6rt z.B. die Beschr\u00e4nkung der Benutzungsdauer bei zu starkem Andrang oder die Schlie\u00dfung von Teilstrecken.<\/li>\n<li>Jeder, der in den V\u00dcP einf\u00e4hrt, erkennt damit die verbindliche Platz- und Benutzungsordnung an. Die Benutzung des \u00dcbungsbereiches erfolgt auf eigene Gefahr und unter Ausschluss jeglicher Haftung des Platzbetreibers.<\/li>\n<li>Das Mindestalter des Fahrers eines Pkw betr\u00e4gt 16 Jahre.<\/li>\n<li>Die Begleitperson muss zwingend auf dem Beifahrersitz sitzen (Ausnahmen Ziffer 5) und mindestens ein Jahr im Besitz der erforderlichen g\u00fcltigen Fahrerlaubnis sein.<\/li>\n<li>F\u00fcr Zweir\u00e4der gilt, dass sich der Begleiter in st\u00e4ndiger Sichtweite zum Fahrer befinden muss (unter Beachtung Ziffer 12) und die erforderliche g\u00fcltige Fahrerlaubnis hat.<\/li>\n<li>Bei allen Zweir\u00e4dern, auch bei KKR und Roller bis 50ccm, liegt das Mindestalter bei 16 Jahren.<\/li>\n<li>Die Kassenaufsicht pr\u00fcft zur Kontrolle des Mindestalters den Personalausweis\/Reisepass beim \u00dcbenden und den F\u00fchrerschein und Fahrzeugschein der Begleitperson vor dem Einlass. Ein Befahren des Gel\u00e4ndes durch nicht berechtigte Personen ist strengstens verboten.<\/li>\n<li>Eine \u00c4nderung der \u00d6ffnungszeiten, z.B. wegen Durchf\u00fchrung von Arbeiten, Fahrradb\u00f6rse etc., bleibt jederzeit vorbehalten. Bekanntmachungen erfolgen \u00fcber die Homepage oder durch Aushang am Platz.<\/li>\n<li>Die Geb\u00fchr f\u00fcr die Benutzung des Platzes wird immer bei der Ausfahrt entrichtet. Bei der Einfahrt wird der Fahrschein ausgef\u00fcllt, der als Quittung f\u00fcr den hinterlegten F\u00fchrerschein dient. Bei der Ausfahrtabrechnung ist der jeweilige Grundbetrag* zu zahlen, gleichg\u00fcltig, ob die erste Stunde seit der Einfahrt vergangen ist. Hinzu kommt die derzeit g\u00fcltige Haftpflichtversicherung*. Wird l\u00e4nger gefahren, tritt der 10-Min.-Takt ein.\u00a0 (* aktuelle Betr\u00e4ge siehe Seite &#8222;V\u00dcP&#8220;)<br \/>\nVon Personen, die den V\u00dcP ohne Fahrschein und Bezahlung befahren (\u201cSchwarzfahrer\u201d), wird eine Bearbeitungsgeb\u00fchr von 100,00 \u20ac erhoben.<\/li>\n<li>Bei Verlassen des V\u00dcP verliert die Haftpflichtversicherung ihre G\u00fcltigkeit. Eine weitere Benutzung des V\u00dcP am selben Tag erfordert den Abschluss einer neuen Haftpflichtversicherung.<\/li>\n<li>Der V\u00dcP darf nur mit zugelassenen und verkehrssicheren Kraftfahrzeugen benutzt werden (keine roten Kennzeichen\/Kurzzeitkennzeichen).<\/li>\n<li>Das Aussteigen\/Verlassen des Fahrzeuges auf dem V\u00dcP oder das Begehen der Fahrbahnen\/Gr\u00fcnanlagen ist wegen einer erh\u00f6hten Unfallgefahr nicht gestattet. Kurze Rastpausen oder Toilettenbesuche sind nur im gesperrten Bereich vor dem Schulungsgeb\u00e4ude\/Vordach m\u00f6glich und zul\u00e4ssig.<\/li>\n<li>Die zugelassene H\u00f6chstgeschwindigkeit betr\u00e4gt 30 Km\/h. Im \u00dcbungsbereich gelten die Bestimmungen der StVO. Zu schnelles Fahren oder \u00dcberholen wird mit einem sofortigen Platzverweis geahndet. Auf eine R\u00fcckerstattung der Benutzungsgeb\u00fchr besteht bei Verst\u00f6\u00dfen gegen die Platz- und Betriebsordnung kein Anspruch.<\/li>\n<li>Alle auftretenden Besch\u00e4digungen sind unverz\u00fcglich dem Kassenpersonal zu melden.<\/li>\n<li>Den Weisungen des Kassenpersonals ist unverz\u00fcglich Folge zu leisten. Zuwiderhandlungen f\u00fchren zum Platzverweis ohne Erstattung der Benutzungsgeb\u00fchr.<\/li>\n<li>Bei allen Sch\u00e4den mit anderen Fahrzeugen muss die Schadensforderung dem Verursacher gegen\u00fcber geltend gemacht werden. Der Halter des Platzes hat auf die Schadensregulierung keinen Einfluss und scheidet hierf\u00fcr von vornherein aus. Das Kassenpersonal ist bei der Schadensaufnahme behilflich. Der Platzbetreiber sorgt auf Verlangen f\u00fcr die zeitnahe \u00dcbersendung der Schadensanzeige mit Beweisfotos an die Haftpflichtversicherung.<\/li>\n<li>Jede gewerbliche T\u00e4tigkeit Dritter im Bereich des V\u00dcP bedarf einer Genehmigung.<\/li>\n<li>Achtlos weggeworfene Abf\u00e4lle werden gegen Geb\u00fchr durch das Personal der Verkehrswacht J\u00fclich entsorgt. Die Mindestgeb\u00fchr betr\u00e4gt 15,00 \u20ac, bei Missachtung erfolgt ein Platzverweis.<\/li>\n<li>F\u00fcr alle nicht im Rahmen dieser Platz- und Betriebsordnung aufgef\u00fchrten Punkte gelten die gesetzlichen Bestimmungen.<\/li>\n<\/ol>\n<p>Stand Juni 2021<br \/>\nVerkehrswacht J\u00fclich<\/p>\n<\/div><\/section><\/div><\/p>\n","protected":false},"excerpt":{"rendered":"","protected":false},"author":2,"featured_media":0,"parent":0,"menu_order":0,"comment_status":"closed","ping_status":"closed","template":"","meta":{"footnotes":""},"class_list":["post-781","page","type-page","status-publish","hentry"],"yoast_head":"<!-- This site is optimized with the Yoast SEO plugin v27.3 - https:\/\/yoast.com\/product\/yoast-seo-wordpress\/ -->\n<title>Platzordnung - Verkehrswacht J\u00fclich<\/title>\n<meta name=\"description\" content=\"Hier finden sie die offizielle Platz- und Betriebsordnung des Verkehrs\u00fcbungsplatzes der Verkehrswacht J\u00fclich.\" \/>\n<meta name=\"robots\" content=\"index, follow, max-snippet:-1, max-image-preview:large, max-video-preview:-1\" \/>\n<link rel=\"canonical\" href=\"https:\/\/www.verkehrswacht-juelich.de\/?page_id=781\" \/>\n<meta property=\"og:locale\" content=\"de_DE\" \/>\n<meta property=\"og:type\" content=\"article\" \/>\n<meta property=\"og:title\" content=\"Platzordnung - Verkehrswacht J\u00fclich\" \/>\n<meta property=\"og:description\" content=\"Hier finden sie die offizielle Platz- und Betriebsordnung des Verkehrs\u00fcbungsplatzes der Verkehrswacht J\u00fclich.\" \/>\n<meta property=\"og:url\" content=\"https:\/\/www.verkehrswacht-juelich.de\/?page_id=781\" \/>\n<meta property=\"og:site_name\" content=\"Verkehrswacht J\u00fclich\" \/>\n<meta property=\"article:modified_time\" content=\"2024-01-29T09:28:23+00:00\" \/>\n<meta name=\"twitter:card\" content=\"summary_large_image\" \/>\n<meta name=\"twitter:label1\" content=\"Gesch\u00e4tzte Lesezeit\" \/>\n\t<meta name=\"twitter:data1\" content=\"6\u00a0Minuten\" \/>\n<script type=\"application\/ld+json\" class=\"yoast-schema-graph\">{\"@context\":\"https:\\\/\\\/schema.org\",\"@graph\":[{\"@type\":\"WebPage\",\"@id\":\"https:\\\/\\\/www.verkehrswacht-juelich.de\\\/?page_id=781\",\"url\":\"https:\\\/\\\/www.verkehrswacht-juelich.de\\\/?page_id=781\",\"name\":\"Platzordnung - Verkehrswacht J\u00fclich\",\"isPartOf\":{\"@id\":\"https:\\\/\\\/www.verkehrswacht-juelich.de\\\/#website\"},\"datePublished\":\"2024-01-17T11:55:43+00:00\",\"dateModified\":\"2024-01-29T09:28:23+00:00\",\"description\":\"Hier finden sie die offizielle Platz- und Betriebsordnung des Verkehrs\u00fcbungsplatzes der Verkehrswacht J\u00fclich.\",\"breadcrumb\":{\"@id\":\"https:\\\/\\\/www.verkehrswacht-juelich.de\\\/?page_id=781#breadcrumb\"},\"inLanguage\":\"de\",\"potentialAction\":[{\"@type\":\"ReadAction\",\"target\":[\"https:\\\/\\\/www.verkehrswacht-juelich.de\\\/?page_id=781\"]}]},{\"@type\":\"BreadcrumbList\",\"@id\":\"https:\\\/\\\/www.verkehrswacht-juelich.de\\\/?page_id=781#breadcrumb\",\"itemListElement\":[{\"@type\":\"ListItem\",\"position\":1,\"name\":\"Startseite\",\"item\":\"https:\\\/\\\/www.verkehrswacht-juelich.de\\\/?page_id=19\"},{\"@type\":\"ListItem\",\"position\":2,\"name\":\"Platzordnung\"}]},{\"@type\":\"WebSite\",\"@id\":\"https:\\\/\\\/www.verkehrswacht-juelich.de\\\/#website\",\"url\":\"https:\\\/\\\/www.verkehrswacht-juelich.de\\\/\",\"name\":\"Verkehrswacht J\u00fclich\",\"description\":\"\",\"potentialAction\":[{\"@type\":\"SearchAction\",\"target\":{\"@type\":\"EntryPoint\",\"urlTemplate\":\"https:\\\/\\\/www.verkehrswacht-juelich.de\\\/?s={search_term_string}\"},\"query-input\":{\"@type\":\"PropertyValueSpecification\",\"valueRequired\":true,\"valueName\":\"search_term_string\"}}],\"inLanguage\":\"de\"}]}<\/script>\n<!-- \/ Yoast SEO plugin. -->","yoast_head_json":{"title":"Platzordnung - Verkehrswacht J\u00fclich","description":"Hier finden sie die offizielle Platz- und Betriebsordnung des Verkehrs\u00fcbungsplatzes der Verkehrswacht J\u00fclich.","robots":{"index":"index","follow":"follow","max-snippet":"max-snippet:-1","max-image-preview":"max-image-preview:large","max-video-preview":"max-video-preview:-1"},"canonical":"https:\/\/www.verkehrswacht-juelich.de\/?page_id=781","og_locale":"de_DE","og_type":"article","og_title":"Platzordnung - Verkehrswacht J\u00fclich","og_description":"Hier finden sie die offizielle Platz- und Betriebsordnung des Verkehrs\u00fcbungsplatzes der Verkehrswacht J\u00fclich.","og_url":"https:\/\/www.verkehrswacht-juelich.de\/?page_id=781","og_site_name":"Verkehrswacht J\u00fclich","article_modified_time":"2024-01-29T09:28:23+00:00","twitter_card":"summary_large_image","twitter_misc":{"Gesch\u00e4tzte Lesezeit":"6\u00a0Minuten"},"schema":{"@context":"https:\/\/schema.org","@graph":[{"@type":"WebPage","@id":"https:\/\/www.verkehrswacht-juelich.de\/?page_id=781","url":"https:\/\/www.verkehrswacht-juelich.de\/?page_id=781","name":"Platzordnung - Verkehrswacht J\u00fclich","isPartOf":{"@id":"https:\/\/www.verkehrswacht-juelich.de\/#website"},"datePublished":"2024-01-17T11:55:43+00:00","dateModified":"2024-01-29T09:28:23+00:00","description":"Hier finden sie die offizielle Platz- und Betriebsordnung des Verkehrs\u00fcbungsplatzes der Verkehrswacht J\u00fclich.","breadcrumb":{"@id":"https:\/\/www.verkehrswacht-juelich.de\/?page_id=781#breadcrumb"},"inLanguage":"de","potentialAction":[{"@type":"ReadAction","target":["https:\/\/www.verkehrswacht-juelich.de\/?page_id=781"]}]},{"@type":"BreadcrumbList","@id":"https:\/\/www.verkehrswacht-juelich.de\/?page_id=781#breadcrumb","itemListElement":[{"@type":"ListItem","position":1,"name":"Startseite","item":"https:\/\/www.verkehrswacht-juelich.de\/?page_id=19"},{"@type":"ListItem","position":2,"name":"Platzordnung"}]},{"@type":"WebSite","@id":"https:\/\/www.verkehrswacht-juelich.de\/#website","url":"https:\/\/www.verkehrswacht-juelich.de\/","name":"Verkehrswacht J\u00fclich","description":"","potentialAction":[{"@type":"SearchAction","target":{"@type":"EntryPoint","urlTemplate":"https:\/\/www.verkehrswacht-juelich.de\/?s={search_term_string}"},"query-input":{"@type":"PropertyValueSpecification","valueRequired":true,"valueName":"search_term_string"}}],"inLanguage":"de"}]}},"jetpack_sharing_enabled":true,"_links":{"self":[{"href":"https:\/\/www.verkehrswacht-juelich.de\/index.php?rest_route=\/wp\/v2\/pages\/781","targetHints":{"allow":["GET"]}}],"collection":[{"href":"https:\/\/www.verkehrswacht-juelich.de\/index.php?rest_route=\/wp\/v2\/pages"}],"about":[{"href":"https:\/\/www.verkehrswacht-juelich.de\/index.php?rest_route=\/wp\/v2\/types\/page"}],"author":[{"embeddable":true,"href":"https:\/\/www.verkehrswacht-juelich.de\/index.php?rest_route=\/wp\/v2\/users\/2"}],"replies":[{"embeddable":true,"href":"https:\/\/www.verkehrswacht-juelich.de\/index.php?rest_route=%2Fwp%2Fv2%2Fcomments&post=781"}],"version-history":[{"count":6,"href":"https:\/\/www.verkehrswacht-juelich.de\/index.php?rest_route=\/wp\/v2\/pages\/781\/revisions"}],"predecessor-version":[{"id":842,"href":"https:\/\/www.verkehrswacht-juelich.de\/index.php?rest_route=\/wp\/v2\/pages\/781\/revisions\/842"}],"wp:attachment":[{"href":"https:\/\/www.verkehrswacht-juelich.de\/index.php?rest_route=%2Fwp%2Fv2%2Fmedia&parent=781"}],"curies":[{"name":"wp","href":"https:\/\/api.w.org\/{rel}","templated":true}]}}